{"version":"1.0","provider_name":"Nettali.com","provider_url":"https:\/\/www.nettali.com","title":"TURQUIE -\u00a0Amedspor se s\u00e9pare de Cheikhou Kouyat\u00e9","type":"rich","width":600,"height":338,"html":"<blockquote class=\"wp-embedded-content\"><a href=\"https:\/\/www.nettali.com\/2026\/01\/28\/turquie-amedspor-se-separe-de-cheikhou-kouyate\/\">TURQUIE -\u00a0Amedspor se s\u00e9pare de Cheikhou Kouyat\u00e9<\/a><\/blockquote>\n<script type='text\/javascript'>\n<!--\/\/--><![CDATA[\/\/><!--\n\t\t\/*! This file is auto-generated *\/\n\t\t!function(d,l){\"use strict\";var e=!1,n=!1;if(l.querySelector)if(d.addEventListener)e=!0;if(d.wp=d.wp||{},!d.wp.receiveEmbedMessage)if(d.wp.receiveEmbedMessage=function(e){var t=e.data;if(t)if(t.secret||t.message||t.value)if(!\/[^a-zA-Z0-9]\/.test(t.secret)){for(var r,i,a,s=l.querySelectorAll('iframe[data-secret=\"'+t.secret+'\"]'),n=l.querySelectorAll('blockquote[data-secret=\"'+t.secret+'\"]'),o=new RegExp(\"^https?:$\",\"i\"),c=0;c<n.length;c++)n[c].style.display=\"none\";for(c=0;c<s.length;c++)if(r=s[c],e.source===r.contentWindow){if(r.removeAttribute(\"style\"),\"height\"===t.message){if(1e3<(a=parseInt(t.value,10)))a=1e3;else if(~~a<200)a=200;r.height=a}if(\"link\"===t.message)if(i=l.createElement(\"a\"),a=l.createElement(\"a\"),i.href=r.getAttribute(\"src\"),a.href=t.value,o.test(a.protocol))if(a.host===i.host)if(l.activeElement===r)d.top.location.href=t.value}}},e)d.addEventListener(\"message\",d.wp.receiveEmbedMessage,!1),l.addEventListener(\"DOMContentLoaded\",t,!1),d.addEventListener(\"load\",t,!1);function t(){if(!n){n=!0;for(var e,t,r=-1!==navigator.appVersion.indexOf(\"MSIE 10\"),i=!!navigator.userAgent.match(\/Trident.*rv:11\\.\/),a=l.querySelectorAll(\"iframe.wp-embedded-content\"),s=0;s<a.length;s++){if(!(e=a[s]).getAttribute(\"data-secret\"))t=Math.random().toString(36).substr(2,10),e.src+=\"#?secret=\"+t,e.setAttribute(\"data-secret\",t);if(r||i)(t=e.cloneNode(!0)).removeAttribute(\"security\"),e.parentNode.replaceChild(t,e)}}}}(window,document);\n\/\/--><!]]>\n<\/script><iframe sandbox=\"allow-scripts\" security=\"restricted\" src=\"https:\/\/www.nettali.com\/2026\/01\/28\/turquie-amedspor-se-separe-de-cheikhou-kouyate\/embed\/\" width=\"600\" height=\"338\" title=\"\u00ab\u00a0TURQUIE -\u00a0Amedspor se s\u00e9pare de Cheikhou Kouyat\u00e9\u00a0\u00bb &#8212; Nettali.com\" frameborder=\"0\" marginwidth=\"0\" marginheight=\"0\" scrolling=\"no\" class=\"wp-embedded-content\"><\/iframe>","thumbnail_url":"https:\/\/www.nettali.com\/wp-content\/uploads\/2022\/08\/Cheikhou-Kouyate.jpeg","thumbnail_width":600,"thumbnail_height":603,"description":"NETTALI.COM - L\u2019aventure de Cheikhou Kouyat\u00e9 en Turquie s\u2019est achev\u00e9e pr\u00e9matur\u00e9ment. Le milieu de terrain s\u00e9n\u00e9galais et Amedspor ont officialis\u00e9, ce mardi, la r\u00e9siliation \u00e0 l\u2019amiable de leur collaboration, \u00e0 travers un communiqu\u00e9 publi\u00e9 par le club sur ses plateformes officielles. Arriv\u00e9 \u00e0 l\u2019intersaison avec l\u2019ambition de relancer sa carri\u00e8re, l\u2019ancien international s\u00e9n\u00e9galais n\u2019aura finalement [&hellip;]"}