{"version":"1.0","provider_name":"Nettali.com","provider_url":"https:\/\/www.nettali.com","title":"\"DETTE CACH\u00c9E\" \u2013 Abdourahmane Sarr r\u00e9agit aux explications de Macky Sall","type":"rich","width":600,"height":338,"html":"<blockquote class=\"wp-embedded-content\"><a href=\"https:\/\/www.nettali.com\/2025\/09\/30\/dette-cachee-abdourahmane-sarr-recadre-macky-sall\/\">\"DETTE CACH\u00c9E\" \u2013 Abdourahmane Sarr r\u00e9agit aux explications de Macky Sall<\/a><\/blockquote>\n<script type='text\/javascript'>\n<!--\/\/--><![CDATA[\/\/><!--\n\t\t\/*! This file is auto-generated *\/\n\t\t!function(d,l){\"use strict\";var e=!1,n=!1;if(l.querySelector)if(d.addEventListener)e=!0;if(d.wp=d.wp||{},!d.wp.receiveEmbedMessage)if(d.wp.receiveEmbedMessage=function(e){var t=e.data;if(t)if(t.secret||t.message||t.value)if(!\/[^a-zA-Z0-9]\/.test(t.secret)){for(var r,i,a,s=l.querySelectorAll('iframe[data-secret=\"'+t.secret+'\"]'),n=l.querySelectorAll('blockquote[data-secret=\"'+t.secret+'\"]'),o=new RegExp(\"^https?:$\",\"i\"),c=0;c<n.length;c++)n[c].style.display=\"none\";for(c=0;c<s.length;c++)if(r=s[c],e.source===r.contentWindow){if(r.removeAttribute(\"style\"),\"height\"===t.message){if(1e3<(a=parseInt(t.value,10)))a=1e3;else if(~~a<200)a=200;r.height=a}if(\"link\"===t.message)if(i=l.createElement(\"a\"),a=l.createElement(\"a\"),i.href=r.getAttribute(\"src\"),a.href=t.value,o.test(a.protocol))if(a.host===i.host)if(l.activeElement===r)d.top.location.href=t.value}}},e)d.addEventListener(\"message\",d.wp.receiveEmbedMessage,!1),l.addEventListener(\"DOMContentLoaded\",t,!1),d.addEventListener(\"load\",t,!1);function t(){if(!n){n=!0;for(var e,t,r=-1!==navigator.appVersion.indexOf(\"MSIE 10\"),i=!!navigator.userAgent.match(\/Trident.*rv:11\\.\/),a=l.querySelectorAll(\"iframe.wp-embedded-content\"),s=0;s<a.length;s++){if(!(e=a[s]).getAttribute(\"data-secret\"))t=Math.random().toString(36).substr(2,10),e.src+=\"#?secret=\"+t,e.setAttribute(\"data-secret\",t);if(r||i)(t=e.cloneNode(!0)).removeAttribute(\"security\"),e.parentNode.replaceChild(t,e)}}}}(window,document);\n\/\/--><!]]>\n<\/script><iframe sandbox=\"allow-scripts\" security=\"restricted\" src=\"https:\/\/www.nettali.com\/2025\/09\/30\/dette-cachee-abdourahmane-sarr-recadre-macky-sall\/embed\/\" width=\"600\" height=\"338\" title=\"\u00ab\u00a0&quot;DETTE CACH\u00c9E&quot; \u2013 Abdourahmane Sarr r\u00e9agit aux explications de Macky Sall\u00a0\u00bb &#8212; Nettali.com\" frameborder=\"0\" marginwidth=\"0\" marginheight=\"0\" scrolling=\"no\" class=\"wp-embedded-content\"><\/iframe>","thumbnail_url":"https:\/\/www.nettali.com\/wp-content\/uploads\/2025\/01\/Abdourahmane-Sarr-Ministre-de-lEconomie-du-Plan-et-de-la-Cooperation-du-Senegal-.jpg","thumbnail_width":1200,"thumbnail_height":748,"description":"NETTALI.COM - Le ministre de l\u2019\u00c9conomie, du Plan et de la Coop\u00e9ration, Abdourahmane Sarr, estime que le d\u00e9bat sur la transmission de donn\u00e9es erron\u00e9es par le S\u00e9n\u00e9gal au FMI, doit \u00eatre \u00e9clairci au niveau du Conseil d\u2019administration de l\u2019institution. Selon lui, les m\u00e9canismes budg\u00e9taires et financiers en cause, montrent que la dette demeure soutenable et [&hellip;]"}