{"version":"1.0","provider_name":"Nettali.com","provider_url":"https:\/\/www.nettali.com","title":"EN COULISSES - Qui est le G\u00e9n\u00e9ral Mbaye Ciss\u00e9 ?","type":"rich","width":600,"height":338,"html":"<blockquote class=\"wp-embedded-content\"><a href=\"https:\/\/www.nettali.com\/2023\/04\/25\/en-coulisses-qui-est-le-general-mbaye-cisse\/\">EN COULISSES - Qui est le G\u00e9n\u00e9ral Mbaye Ciss\u00e9 ?<\/a><\/blockquote>\n<script type='text\/javascript'>\n<!--\/\/--><![CDATA[\/\/><!--\n\t\t\/*! This file is auto-generated *\/\n\t\t!function(d,l){\"use strict\";var e=!1,n=!1;if(l.querySelector)if(d.addEventListener)e=!0;if(d.wp=d.wp||{},!d.wp.receiveEmbedMessage)if(d.wp.receiveEmbedMessage=function(e){var t=e.data;if(t)if(t.secret||t.message||t.value)if(!\/[^a-zA-Z0-9]\/.test(t.secret)){for(var r,i,a,s=l.querySelectorAll('iframe[data-secret=\"'+t.secret+'\"]'),n=l.querySelectorAll('blockquote[data-secret=\"'+t.secret+'\"]'),o=new RegExp(\"^https?:$\",\"i\"),c=0;c<n.length;c++)n[c].style.display=\"none\";for(c=0;c<s.length;c++)if(r=s[c],e.source===r.contentWindow){if(r.removeAttribute(\"style\"),\"height\"===t.message){if(1e3<(a=parseInt(t.value,10)))a=1e3;else if(~~a<200)a=200;r.height=a}if(\"link\"===t.message)if(i=l.createElement(\"a\"),a=l.createElement(\"a\"),i.href=r.getAttribute(\"src\"),a.href=t.value,o.test(a.protocol))if(a.host===i.host)if(l.activeElement===r)d.top.location.href=t.value}}},e)d.addEventListener(\"message\",d.wp.receiveEmbedMessage,!1),l.addEventListener(\"DOMContentLoaded\",t,!1),d.addEventListener(\"load\",t,!1);function t(){if(!n){n=!0;for(var e,t,r=-1!==navigator.appVersion.indexOf(\"MSIE 10\"),i=!!navigator.userAgent.match(\/Trident.*rv:11\\.\/),a=l.querySelectorAll(\"iframe.wp-embedded-content\"),s=0;s<a.length;s++){if(!(e=a[s]).getAttribute(\"data-secret\"))t=Math.random().toString(36).substr(2,10),e.src+=\"#?secret=\"+t,e.setAttribute(\"data-secret\",t);if(r||i)(t=e.cloneNode(!0)).removeAttribute(\"security\"),e.parentNode.replaceChild(t,e)}}}}(window,document);\n\/\/--><!]]>\n<\/script><iframe sandbox=\"allow-scripts\" security=\"restricted\" src=\"https:\/\/www.nettali.com\/2023\/04\/25\/en-coulisses-qui-est-le-general-mbaye-cisse\/embed\/\" width=\"600\" height=\"338\" title=\"\u00ab\u00a0EN COULISSES - Qui est le G\u00e9n\u00e9ral Mbaye Ciss\u00e9 ?\u00a0\u00bb &#8212; Nettali.com\" frameborder=\"0\" marginwidth=\"0\" marginheight=\"0\" scrolling=\"no\" class=\"wp-embedded-content\"><\/iframe>","thumbnail_url":"https:\/\/www.nettali.com\/wp-content\/uploads\/2023\/04\/67999799-47951908.jpg","thumbnail_width":2560,"thumbnail_height":1708,"description":"NETTALI.COM -\u00a0 Ancien chef de l\u2019\u00c9tat-major particulier du pr\u00e9sident de la R\u00e9publique, le g\u00e9n\u00e9ral de corps d\u2019Arm\u00e9e Mbaye Ciss\u00e9 n'aura pas fait long feu \u00e0 ce poste. Juste six mois avant d\u2019\u00eatre propuls\u00e9 par d\u00e9cret pr\u00e9sidentiel, nouveau chef d\u2019\u00c9tat-Major g\u00e9n\u00e9ral des arm\u00e9es (Cemga). Il succ\u00e8de ainsi au G\u00e9n\u00e9ral d\u2019arm\u00e9e Cheikh Wade, devenu G\u00e9n\u00e9ral de Corps [&hellip;]"}