{"version":"1.0","provider_name":"Nettali.com","provider_url":"https:\/\/www.nettali.com","title":"NECROLOGIE - D\u00e9c\u00e8s de l\u2019ancien Pape, Benoit XVI","type":"rich","width":600,"height":338,"html":"<blockquote class=\"wp-embedded-content\"><a href=\"https:\/\/www.nettali.com\/2022\/12\/31\/necrologie-deces-de-lancien-pape-benoit-xvi\/\">NECROLOGIE - D\u00e9c\u00e8s de l\u2019ancien Pape, Benoit XVI<\/a><\/blockquote>\n<script type='text\/javascript'>\n<!--\/\/--><![CDATA[\/\/><!--\n\t\t\/*! This file is auto-generated *\/\n\t\t!function(d,l){\"use strict\";var e=!1,n=!1;if(l.querySelector)if(d.addEventListener)e=!0;if(d.wp=d.wp||{},!d.wp.receiveEmbedMessage)if(d.wp.receiveEmbedMessage=function(e){var t=e.data;if(t)if(t.secret||t.message||t.value)if(!\/[^a-zA-Z0-9]\/.test(t.secret)){for(var r,i,a,s=l.querySelectorAll('iframe[data-secret=\"'+t.secret+'\"]'),n=l.querySelectorAll('blockquote[data-secret=\"'+t.secret+'\"]'),o=new RegExp(\"^https?:$\",\"i\"),c=0;c<n.length;c++)n[c].style.display=\"none\";for(c=0;c<s.length;c++)if(r=s[c],e.source===r.contentWindow){if(r.removeAttribute(\"style\"),\"height\"===t.message){if(1e3<(a=parseInt(t.value,10)))a=1e3;else if(~~a<200)a=200;r.height=a}if(\"link\"===t.message)if(i=l.createElement(\"a\"),a=l.createElement(\"a\"),i.href=r.getAttribute(\"src\"),a.href=t.value,o.test(a.protocol))if(a.host===i.host)if(l.activeElement===r)d.top.location.href=t.value}}},e)d.addEventListener(\"message\",d.wp.receiveEmbedMessage,!1),l.addEventListener(\"DOMContentLoaded\",t,!1),d.addEventListener(\"load\",t,!1);function t(){if(!n){n=!0;for(var e,t,r=-1!==navigator.appVersion.indexOf(\"MSIE 10\"),i=!!navigator.userAgent.match(\/Trident.*rv:11\\.\/),a=l.querySelectorAll(\"iframe.wp-embedded-content\"),s=0;s<a.length;s++){if(!(e=a[s]).getAttribute(\"data-secret\"))t=Math.random().toString(36).substr(2,10),e.src+=\"#?secret=\"+t,e.setAttribute(\"data-secret\",t);if(r||i)(t=e.cloneNode(!0)).removeAttribute(\"security\"),e.parentNode.replaceChild(t,e)}}}}(window,document);\n\/\/--><!]]>\n<\/script><iframe sandbox=\"allow-scripts\" security=\"restricted\" src=\"https:\/\/www.nettali.com\/2022\/12\/31\/necrologie-deces-de-lancien-pape-benoit-xvi\/embed\/\" width=\"600\" height=\"338\" title=\"\u00ab\u00a0NECROLOGIE - D\u00e9c\u00e8s de l\u2019ancien Pape, Benoit XVI\u00a0\u00bb &#8212; Nettali.com\" frameborder=\"0\" marginwidth=\"0\" marginheight=\"0\" scrolling=\"no\" class=\"wp-embedded-content\"><\/iframe>","thumbnail_url":"https:\/\/www.nettali.com\/wp-content\/uploads\/2022\/12\/benoit.png","thumbnail_width":980,"thumbnail_height":450,"description":"NETTALI.COM - L'ancien pape Benoit XVI est d\u00e9c\u00e9d\u00e9 le 31 d\u00e9cembre \u00e0 95 ans. Depuis qu'il avait renonc\u00e9 \u00e0 sa charge le 11 f\u00e9vrier 2013, cette figure du conservatisme doctrinal vivait dans le monast\u00e8re Mater Ecclesiae, au c\u0153ur de la cit\u00e9 vaticane. Portrait. Le \u00ab\u00a0pape \u00e9m\u00e9rite\u00a0\u00bb Benoit XVI\u00a0s\u2019est \u00e9teint ce 31 d\u00e9cembre \u00e0 l\u2019\u00e2ge de [&hellip;]"}