{"version":"1.0","provider_name":"Nettali.com","provider_url":"https:\/\/www.nettali.com","title":"UEFA - Pas de joueurs africains dans l'\u00e9quipe de l'ann\u00e9e","type":"rich","width":600,"height":338,"html":"<blockquote class=\"wp-embedded-content\"><a href=\"https:\/\/www.nettali.com\/2021\/01\/20\/uefa-pas-de-joueurs-africains-dans-lequipe-de-lannee\/\">UEFA - Pas de joueurs africains dans l'\u00e9quipe de l'ann\u00e9e<\/a><\/blockquote>\n<script type='text\/javascript'>\n<!--\/\/--><![CDATA[\/\/><!--\n\t\t\/*! This file is auto-generated *\/\n\t\t!function(d,l){\"use strict\";var e=!1,n=!1;if(l.querySelector)if(d.addEventListener)e=!0;if(d.wp=d.wp||{},!d.wp.receiveEmbedMessage)if(d.wp.receiveEmbedMessage=function(e){var t=e.data;if(t)if(t.secret||t.message||t.value)if(!\/[^a-zA-Z0-9]\/.test(t.secret)){for(var r,i,a,s=l.querySelectorAll('iframe[data-secret=\"'+t.secret+'\"]'),n=l.querySelectorAll('blockquote[data-secret=\"'+t.secret+'\"]'),o=new RegExp(\"^https?:$\",\"i\"),c=0;c<n.length;c++)n[c].style.display=\"none\";for(c=0;c<s.length;c++)if(r=s[c],e.source===r.contentWindow){if(r.removeAttribute(\"style\"),\"height\"===t.message){if(1e3<(a=parseInt(t.value,10)))a=1e3;else if(~~a<200)a=200;r.height=a}if(\"link\"===t.message)if(i=l.createElement(\"a\"),a=l.createElement(\"a\"),i.href=r.getAttribute(\"src\"),a.href=t.value,o.test(a.protocol))if(a.host===i.host)if(l.activeElement===r)d.top.location.href=t.value}}},e)d.addEventListener(\"message\",d.wp.receiveEmbedMessage,!1),l.addEventListener(\"DOMContentLoaded\",t,!1),d.addEventListener(\"load\",t,!1);function t(){if(!n){n=!0;for(var e,t,r=-1!==navigator.appVersion.indexOf(\"MSIE 10\"),i=!!navigator.userAgent.match(\/Trident.*rv:11\\.\/),a=l.querySelectorAll(\"iframe.wp-embedded-content\"),s=0;s<a.length;s++){if(!(e=a[s]).getAttribute(\"data-secret\"))t=Math.random().toString(36).substr(2,10),e.src+=\"#?secret=\"+t,e.setAttribute(\"data-secret\",t);if(r||i)(t=e.cloneNode(!0)).removeAttribute(\"security\"),e.parentNode.replaceChild(t,e)}}}}(window,document);\n\/\/--><!]]>\n<\/script><iframe sandbox=\"allow-scripts\" security=\"restricted\" src=\"https:\/\/www.nettali.com\/2021\/01\/20\/uefa-pas-de-joueurs-africains-dans-lequipe-de-lannee\/embed\/\" width=\"600\" height=\"338\" title=\"\u00ab\u00a0UEFA - Pas de joueurs africains dans l&#039;\u00e9quipe de l&#039;ann\u00e9e\u00a0\u00bb &#8212; Nettali.com\" frameborder=\"0\" marginwidth=\"0\" marginheight=\"0\" scrolling=\"no\" class=\"wp-embedded-content\"><\/iframe>","thumbnail_url":"https:\/\/www.nettali.com\/wp-content\/uploads\/2021\/01\/sadio_mane_et_mohamed_salah.png","thumbnail_width":678,"thumbnail_height":381,"description":"NETTALI.COM - L'UEFA a d\u00e9voil\u00e9 ce mercredi l'Equipe de l'Ann\u00e9e pour laquelle les supporters ont vot\u00e9. Champions d'Angleterre avec Liverpool, Sadio Man\u00e9 et Mouhamed Salah ont \u00e9t\u00e9 zapp\u00e9s du meilleur onze de l'ann\u00e9e 2020. Sans surprise, le Bayern Munich auteur d'un quintupl\u00e9 historique est le club le plus repr\u00e9sent\u00e9 avec cinq joueurs : Manuel Neuer, [&hellip;]"}